{"id":4582,"date":"2021-04-15T02:37:51","date_gmt":"2021-04-15T02:37:51","guid":{"rendered":"https:\/\/owmwines.cl\/es\/?page_id=4582"},"modified":"2021-07-19T16:35:50","modified_gmt":"2021-07-19T16:35:50","slug":"vinedo","status":"publish","type":"page","link":"https:\/\/owmwines.cl\/es\/vinedo\/","title":{"rendered":"Vi\u00f1edo"},"content":{"rendered":"<p>[et_pb_section fb_built=\u00bb1&#8243; _builder_version=\u00bb4.9.9&#8243; _module_preset=\u00bbdefault\u00bb background_enable_color=\u00bboff\u00bb background_image=\u00bbhttps:\/\/owmwines.cl\/es\/wp-content\/uploads\/2021\/07\/vin\u0303edo1.jpg\u00bb background_position=\u00bbtop_right\u00bb min_height_tablet=\u00bb\u00bb min_height_phone=\u00bb\u00bb min_height_last_edited=\u00bbon|phone\u00bb height=\u00bb550px\u00bb height_tablet=\u00bb\u00bb height_phone=\u00bb400px\u00bb height_last_edited=\u00bbon|phone\u00bb max_height_tablet=\u00bb\u00bb max_height_phone=\u00bb\u00bb max_height_last_edited=\u00bbon|phone\u00bb custom_margin=\u00bb0px||0px||false|false\u00bb custom_padding=\u00bb0px||0px||false|false\u00bb da_disable_devices=\u00bboff|off|off\u00bb da_is_popup=\u00bboff\u00bb da_exit_intent=\u00bboff\u00bb da_has_close=\u00bbon\u00bb da_alt_close=\u00bboff\u00bb da_dark_close=\u00bboff\u00bb da_not_modal=\u00bbon\u00bb da_is_singular=\u00bboff\u00bb da_with_loader=\u00bboff\u00bb da_has_shadow=\u00bbon\u00bb][\/et_pb_section][et_pb_section fb_built=\u00bb1&#8243; _builder_version=\u00bb4.9.2&#8243; _module_preset=\u00bbdefault\u00bb custom_margin=\u00bb||3%||false|false\u00bb da_disable_devices=\u00bboff|off|off\u00bb da_is_popup=\u00bboff\u00bb da_exit_intent=\u00bboff\u00bb da_has_close=\u00bbon\u00bb da_alt_close=\u00bboff\u00bb da_dark_close=\u00bboff\u00bb da_not_modal=\u00bbon\u00bb da_is_singular=\u00bboff\u00bb da_with_loader=\u00bboff\u00bb da_has_shadow=\u00bbon\u00bb][et_pb_row admin_label=\u00bbEl Vi\u00f1edo\u00bb _builder_version=\u00bb4.9.2&#8243; _module_preset=\u00bbdefault\u00bb locked=\u00bboff\u00bb collapsed=\u00bboff\u00bb][et_pb_column type=\u00bb4_4&#8243; _builder_version=\u00bb4.9.2&#8243; _module_preset=\u00bbdefault\u00bb][et_pb_text admin_label=\u00bbTexto Descripci\u00f3n\u00bb _builder_version=\u00bb4.9.2&#8243; _module_preset=\u00bbdefault\u00bb text_font=\u00bb||||||||\u00bb text_text_color=\u00bb#424242&#8243; text_font_size=\u00bb40px\u00bb text_orientation=\u00bbcenter\u00bb custom_margin_tablet=\u00bb\u00bb custom_margin_phone=\u00bb\u00bb custom_margin_last_edited=\u00bbon|desktop\u00bb text_font_size_tablet=\u00bb\u00bb text_font_size_phone=\u00bb30px\u00bb text_font_size_last_edited=\u00bbon|phone\u00bb locked=\u00bboff\u00bb]<\/p>\n<p>EL VI\u00d1EDO<\/p>\n<p>[\/et_pb_text][et_pb_divider _builder_version=\u00bb4.9.2&#8243; _module_preset=\u00bbdefault\u00bb background_enable_image=\u00bboff\u00bb width=\u00bb100px\u00bb module_alignment=\u00bbcenter\u00bb min_height=\u00bb35px\u00bb custom_margin=\u00bb0px||0px||false|false\u00bb custom_padding=\u00bb0px||0px||false|false\u00bb filter_sepia=\u00bb100%\u00bb][\/et_pb_divider][\/et_pb_column][\/et_pb_row][et_pb_row column_structure=\u00bb1_2,1_2&#8243; use_custom_gutter=\u00bbon\u00bb gutter_width=\u00bb1&#8243; _builder_version=\u00bb4.9.2&#8243; _module_preset=\u00bbdefault\u00bb background_color=\u00bb#dddddd\u00bb width=\u00bb100%\u00bb max_width=\u00bb100%\u00bb custom_padding=\u00bb0px||0px|||\u00bb][et_pb_column type=\u00bb1_2&#8243; _builder_version=\u00bb4.9.2&#8243; _module_preset=\u00bbdefault\u00bb][et_pb_image src=\u00bbhttps:\/\/owmwines.cl\/es\/wp-content\/uploads\/2021\/04\/DSC_2978.jpg\u00bb title_text=\u00bbDSC_2978&#8243; url=\u00bb#vina\u00bb force_fullwidth=\u00bbon\u00bb _builder_version=\u00bb4.9.2&#8243; _module_preset=\u00bbdefault\u00bb height=\u00bb470px\u00bb height_tablet=\u00bb\u00bb height_phone=\u00bb\u00bb height_last_edited=\u00bbon|desktop\u00bb][\/et_pb_image][\/et_pb_column][et_pb_column type=\u00bb1_2&#8243; _builder_version=\u00bb4.9.2&#8243; _module_preset=\u00bbdefault\u00bb][et_pb_text _builder_version=\u00bb4.9.2&#8243; _module_preset=\u00bbdefault\u00bb header_2_text_align=\u00bbcenter\u00bb header_2_font_size=\u00bb20px\u00bb text_orientation=\u00bbjustified\u00bb width=\u00bb80%\u00bb width_tablet=\u00bb\u00bb width_phone=\u00bb85%\u00bb width_last_edited=\u00bbon|desktop\u00bb max_width_tablet=\u00bb\u00bb max_width_phone=\u00bb\u00bb max_width_last_edited=\u00bbon|desktop\u00bb module_alignment=\u00bbcenter\u00bb custom_margin=\u00bb5%||||false|false\u00bb custom_margin_tablet=\u00bb\u00bb custom_margin_phone=\u00bb\u00bb custom_margin_last_edited=\u00bbon|desktop\u00bb custom_padding_tablet=\u00bb\u00bb custom_padding_phone=\u00bb\u00bb custom_padding_last_edited=\u00bbon|phone\u00bb link_option_url=\u00bb#vina\u00bb]<\/p>\n<h2><span>El Vi\u00f1edo<\/span><\/h2>\n<p><span>\u00a0<\/span><\/p>\n<p>El Valle de Colchagua es reconocido como una de las \u00e1reas de producci\u00f3n de vino premium m\u00e1s importantes del hemisferio sur. Se ubica en la VI Regi\u00f3n, a tan solo 150 km al sur de Santiago.<\/p>\n<p>El vi\u00f1edo de donde obtenemos nuestra uva est\u00e1 ubicado en Santa Cruz, un valle de r\u00e9gimen de lluvia seca, a 12 km al suroeste de la ciudad de Santa Cruz. Su topograf\u00eda es coluvial y los suelos son de origen granodior\u00edtico. Por tanto, es posible encontrar diferentes niveles de suelos duros a medida que aumenta la pendiente.<\/p>\n<p>Los vi\u00f1edos est\u00e1n ubicados en una ladera con orientaci\u00f3n norte primaria, tambi\u00e9n realizamos trabajos espec\u00edficos a la uva, regulando el rendimiento, la exposici\u00f3n solar y la ubicaci\u00f3n del racimo en la vid.<\/p>\n<p>[\/et_pb_text][et_pb_text _builder_version=\u00bb4.9.2&#8243; _module_preset=\u00bbdefault\u00bb text_font=\u00bb||on||||||\u00bb text_text_color=\u00bb#0c71c3&#8243; header_2_text_align=\u00bbcenter\u00bb header_2_font_size=\u00bb20px\u00bb text_orientation=\u00bbjustified\u00bb width=\u00bb80%\u00bb width_tablet=\u00bb\u00bb width_phone=\u00bb85%\u00bb width_last_edited=\u00bbon|desktop\u00bb max_width_tablet=\u00bb\u00bb max_width_phone=\u00bb\u00bb max_width_last_edited=\u00bbon|desktop\u00bb module_alignment=\u00bbcenter\u00bb custom_margin=\u00bb1%||||false|false\u00bb custom_margin_tablet=\u00bb\u00bb custom_margin_phone=\u00bb\u00bb custom_margin_last_edited=\u00bbon|desktop\u00bb link_option_url=\u00bb#vina\u00bb]<\/p>\n<p>Revisa aqu\u00ed la galer\u00eda de im\u00e1genes del Vi\u00f1edo \u2192<\/p>\n<p>[\/et_pb_text][et_pb_divider color=\u00bb#b2b2b2&#8243; disabled_on=\u00bboff|off|on\u00bb _builder_version=\u00bb4.9.2&#8243; _module_preset=\u00bbdefault\u00bb width=\u00bb15%\u00bb module_alignment=\u00bbcenter\u00bb custom_margin=\u00bb8%||||false|false\u00bb][\/et_pb_divider][\/et_pb_column][\/et_pb_row][et_pb_row column_structure=\u00bb1_2,1_2&#8243; use_custom_gutter=\u00bbon\u00bb gutter_width=\u00bb1&#8243; _builder_version=\u00bb4.9.2&#8243; _module_preset=\u00bbdefault\u00bb background_color=\u00bbrgba(0,0,0,0.96)\u00bb width=\u00bb100%\u00bb max_width=\u00bb100%\u00bb custom_padding=\u00bb0px||0px|||\u00bb][et_pb_column type=\u00bb1_2&#8243; _builder_version=\u00bb4.9.2&#8243; _module_preset=\u00bbdefault\u00bb][et_pb_text _builder_version=\u00bb4.9.2&#8243; _module_preset=\u00bbdefault\u00bb text_text_color=\u00bb#b5b5b5&#8243; header_2_text_align=\u00bbcenter\u00bb header_2_text_color=\u00bb#FFFFFF\u00bb header_2_font_size=\u00bb20px\u00bb text_orientation=\u00bbjustified\u00bb width=\u00bb80%\u00bb width_tablet=\u00bb\u00bb width_phone=\u00bb85%\u00bb width_last_edited=\u00bbon|desktop\u00bb max_width_tablet=\u00bb\u00bb max_width_phone=\u00bb\u00bb max_width_last_edited=\u00bbon|desktop\u00bb module_alignment=\u00bbcenter\u00bb custom_margin=\u00bb10%||||false|false\u00bb custom_margin_tablet=\u00bb\u00bb custom_margin_phone=\u00bb\u00bb custom_margin_last_edited=\u00bbon|desktop\u00bb link_option_url=\u00bb#vendimia\u00bb]<\/p>\n<h2><span>Vendimia<\/span><\/h2>\n<p><span><br \/><\/span><span>Seleccionamos durante cosecha nuestras mejores uvas para llegar con ellas en menos de 1 hora a nuestra bodega y as\u00ed porder realizar su proceso de despalillado en el menor tiempo posible asegurando el arduo trabajo en el vi\u00f1edo.<br \/><\/span><\/p>\n<p><span><\/span><\/p>\n<p>[\/et_pb_text][et_pb_text _builder_version=\u00bb4.9.2&#8243; _module_preset=\u00bbdefault\u00bb text_font=\u00bb||on||||||\u00bb text_text_color=\u00bbrgba(0,113,193,0.8)\u00bb header_2_text_align=\u00bbcenter\u00bb header_2_font_size=\u00bb24px\u00bb text_orientation=\u00bbjustified\u00bb width=\u00bb80%\u00bb width_tablet=\u00bb\u00bb width_phone=\u00bb85%\u00bb width_last_edited=\u00bbon|desktop\u00bb max_width_tablet=\u00bb\u00bb max_width_phone=\u00bb\u00bb max_width_last_edited=\u00bbon|desktop\u00bb module_alignment=\u00bbcenter\u00bb custom_margin=\u00bb1%||||false|false\u00bb custom_margin_tablet=\u00bb\u00bb custom_margin_phone=\u00bb||2%||false|false\u00bb custom_margin_last_edited=\u00bbon|phone\u00bb link_option_url=\u00bb#vendimia\u00bb]<\/p>\n<p>Revisa la galer\u00eda de im\u00e1genes de nuestra Vendimia \u2192<\/p>\n<p>[\/et_pb_text][\/et_pb_column][et_pb_column type=\u00bb1_2&#8243; _builder_version=\u00bb4.9.2&#8243; _module_preset=\u00bbdefault\u00bb][et_pb_image src=\u00bbhttps:\/\/owmwines.cl\/es\/wp-content\/uploads\/2021\/04\/Vendimia.jpg\u00bb title_text=\u00bbVendimia\u00bb url=\u00bb#vendimia\u00bb force_fullwidth=\u00bbon\u00bb _builder_version=\u00bb4.9.2&#8243; _module_preset=\u00bbdefault\u00bb min_height=\u00bb420px\u00bb min_height_tablet=\u00bb\u00bb min_height_phone=\u00bb\u00bb min_height_last_edited=\u00bbon|desktop\u00bb height_tablet=\u00bb\u00bb height_phone=\u00bb\u00bb height_last_edited=\u00bbon|desktop\u00bb][\/et_pb_image][\/et_pb_column][\/et_pb_row][et_pb_row column_structure=\u00bb1_2,1_2&#8243; use_custom_gutter=\u00bbon\u00bb gutter_width=\u00bb1&#8243; custom_padding_last_edited=\u00bbon|phone\u00bb _builder_version=\u00bb4.9.2&#8243; _module_preset=\u00bbdefault\u00bb width=\u00bb100%\u00bb max_width=\u00bb100%\u00bb custom_margin=\u00bb-1px|auto||auto||\u00bb custom_margin_tablet=\u00bb\u00bb custom_margin_phone=\u00bb30px||||false|false\u00bb custom_margin_last_edited=\u00bbon|phone\u00bb custom_padding=\u00bb0px||1px|||\u00bb custom_padding_tablet=\u00bb\u00bb custom_padding_phone=\u00bb\u00bb][et_pb_column type=\u00bb1_2&#8243; _builder_version=\u00bb4.9.2&#8243; _module_preset=\u00bbdefault\u00bb][et_pb_image src=\u00bbhttps:\/\/owmwines.cl\/es\/wp-content\/uploads\/2021\/04\/Ampelografia.jpg\u00bb title_text=\u00bbAmpelograf\u00eda\u00bb url=\u00bb@ET-DC@eyJkeW5hbWljIjp0cnVlLCJjb250ZW50IjoicG9zdF9saW5rX3VybF9wYWdlIiwic2V0dGluZ3MiOnsicG9zdF9pZCI6IjU1NjgifX0=@\u00bb force_fullwidth=\u00bbon\u00bb _builder_version=\u00bb4.9.2&#8243; _dynamic_attributes=\u00bburl\u00bb _module_preset=\u00bbdefault\u00bb min_height=\u00bb430px\u00bb min_height_tablet=\u00bb\u00bb min_height_phone=\u00bb\u00bb min_height_last_edited=\u00bbon|desktop\u00bb][\/et_pb_image][\/et_pb_column][et_pb_column type=\u00bb1_2&#8243; _builder_version=\u00bb4.9.2&#8243; _module_preset=\u00bbdefault\u00bb][et_pb_text _builder_version=\u00bb4.9.2&#8243; _dynamic_attributes=\u00bblink_option_url\u00bb _module_preset=\u00bbdefault\u00bb header_2_text_align=\u00bbcenter\u00bb header_2_font_size=\u00bb20px\u00bb text_orientation=\u00bbjustified\u00bb width=\u00bb80%\u00bb width_tablet=\u00bb\u00bb width_phone=\u00bb85%\u00bb width_last_edited=\u00bbon|desktop\u00bb max_width_tablet=\u00bb\u00bb max_width_phone=\u00bb\u00bb max_width_last_edited=\u00bbon|desktop\u00bb module_alignment=\u00bbcenter\u00bb custom_margin=\u00bb5%||||false|false\u00bb custom_margin_tablet=\u00bb\u00bb custom_margin_phone=\u00bb\u00bb custom_margin_last_edited=\u00bbon|desktop\u00bb link_option_url=\u00bb@ET-DC@eyJkeW5hbWljIjp0cnVlLCJjb250ZW50IjoicG9zdF9saW5rX3VybF9wYWdlIiwic2V0dGluZ3MiOnsicG9zdF9pZCI6IjU1NjgifX0=@\u00bb]<\/p>\n<h2>Ampelograf\u00eda<\/h2>\n<p><span>\u00a0<\/span><\/p>\n<p>La ampelograf\u00eda es el campo de la bot\u00e1nica que se ocupa de la identificaci\u00f3n y clasificaci\u00f3n de las vides. Tradicionalmente, esto se ha hecho comparando la forma y el color de las hojas de parra y las uvas; m\u00e1s recientemente, el estudio de las vides se ha visto revolucionado por las huellas dactilares del ADN.<\/p>\n<p>Pierre Galet, de la \u00c9cole nationale sup\u00e9rieure agronomique de Montpellier, realiz\u00f3 un conjunto sistem\u00e1tico de criterios para la identificaci\u00f3n de las vides. El sistema Galet se bas\u00f3 en la forma y los contornos de las hojas, las caracter\u00edsticas de los brotes en crecimiento, las puntas de los brotes, los pec\u00edolos, el sexo de las flores, la forma de los racimos de uva y el color, tama\u00f1o y pepitas de las propias uvas. Las uvas se ven menos afectadas por los factores ambientales que las hojas y los brotes, pero obviamente no duran tanto tiempo. Incluso incluy\u00f3 el sabor de la uva como criterio, pero esto es bastante subjetivo.<\/p>\n<p><span><\/span><\/p>\n<p>[\/et_pb_text][et_pb_text _builder_version=\u00bb4.9.2&#8243; _dynamic_attributes=\u00bblink_option_url\u00bb _module_preset=\u00bbdefault\u00bb text_font=\u00bb||on||||||\u00bb text_text_color=\u00bb#0c71c3&#8243; header_2_text_align=\u00bbcenter\u00bb header_2_font_size=\u00bb24px\u00bb text_orientation=\u00bbjustified\u00bb width=\u00bb70%\u00bb width_tablet=\u00bb\u00bb width_phone=\u00bb85%\u00bb width_last_edited=\u00bbon|desktop\u00bb max_width_tablet=\u00bb\u00bb max_width_phone=\u00bb\u00bb max_width_last_edited=\u00bbon|desktop\u00bb module_alignment=\u00bbcenter\u00bb custom_margin=\u00bb1%||||false|false\u00bb custom_margin_tablet=\u00bb\u00bb custom_margin_phone=\u00bb||2%||false|false\u00bb custom_margin_last_edited=\u00bbon|phone\u00bb link_option_url=\u00bb@ET-DC@eyJkeW5hbWljIjp0cnVlLCJjb250ZW50IjoicG9zdF9saW5rX3VybF9wYWdlIiwic2V0dGluZ3MiOnsicG9zdF9pZCI6IjU1NjgifX0=@\u00bb]<\/p>\n<p>Revisa aqu\u00ed m\u00e1s detalles de la Ampelograf\u00eda \u2192<\/p>\n<p>[\/et_pb_text][et_pb_divider color=\u00bb#b2b2b2&#8243; disabled_on=\u00bboff|off|on\u00bb _builder_version=\u00bb4.9.2&#8243; _module_preset=\u00bbdefault\u00bb width=\u00bb15%\u00bb module_alignment=\u00bbcenter\u00bb custom_margin=\u00bb8%||||false|false\u00bb][\/et_pb_divider][\/et_pb_column][\/et_pb_row][et_pb_row column_structure=\u00bb1_2,1_2&#8243; use_custom_gutter=\u00bbon\u00bb gutter_width=\u00bb1&#8243; _builder_version=\u00bb4.9.2&#8243; _module_preset=\u00bbdefault\u00bb background_color=\u00bb#dddddd\u00bb width=\u00bb100%\u00bb max_width=\u00bb100%\u00bb custom_margin=\u00bb-1px|auto||auto||\u00bb custom_padding=\u00bb0px||1px|||\u00bb][et_pb_column type=\u00bb1_2&#8243; _builder_version=\u00bb4.9.2&#8243; _module_preset=\u00bbdefault\u00bb][et_pb_text _builder_version=\u00bb4.9.2&#8243; _module_preset=\u00bbdefault\u00bb header_2_text_align=\u00bbcenter\u00bb header_2_font_size=\u00bb20px\u00bb text_orientation=\u00bbjustified\u00bb width=\u00bb80%\u00bb width_tablet=\u00bb\u00bb width_phone=\u00bb85%\u00bb width_last_edited=\u00bbon|desktop\u00bb max_width_tablet=\u00bb\u00bb max_width_phone=\u00bb\u00bb max_width_last_edited=\u00bbon|desktop\u00bb module_alignment=\u00bbcenter\u00bb custom_margin=\u00bb5%||||false|false\u00bb custom_margin_tablet=\u00bb\u00bb custom_margin_phone=\u00bb\u00bb custom_margin_last_edited=\u00bbon|desktop\u00bb link_option_url=\u00bb#video\u00bb]<\/p>\n<h2><span>Video Cosecha<\/span><\/h2>\n<p><span><br \/><\/span><span>Cosecha de Carmenere en el 2015, de un vi\u00f1edo que ya no nos acompa\u00f1a y que cumpli\u00f3 su ciclo de 21 a\u00f1os. Atr\u00e1s queda uno de los cuarteles m\u00e1s antiguos y que este 2021 cerraremos con nuestro icono Marianena el cual estamos seguros ser\u00e1 un excelente expositor y referente de una vendimia que estamos seguros dar\u00e1 mucho que hablar. <br \/><\/span><\/p>\n<p><span><\/span><\/p>\n<p>[\/et_pb_text][et_pb_text _builder_version=\u00bb4.9.2&#8243; _module_preset=\u00bbdefault\u00bb text_font=\u00bb||on||||||\u00bb text_text_color=\u00bb#0c71c3&#8243; header_2_text_align=\u00bbcenter\u00bb header_2_font_size=\u00bb24px\u00bb text_orientation=\u00bbjustified\u00bb width=\u00bb80%\u00bb width_tablet=\u00bb\u00bb width_phone=\u00bb85%\u00bb width_last_edited=\u00bbon|desktop\u00bb max_width_tablet=\u00bb\u00bb max_width_phone=\u00bb\u00bb max_width_last_edited=\u00bbon|desktop\u00bb module_alignment=\u00bbcenter\u00bb custom_margin=\u00bb1%||||false|false\u00bb custom_margin_tablet=\u00bb\u00bb custom_margin_phone=\u00bb||2%||false|false\u00bb custom_margin_last_edited=\u00bbon|phone\u00bb link_option_url=\u00bb#video\u00bb]<\/p>\n<p>Revisa el video \u2192<\/p>\n<p>[\/et_pb_text][\/et_pb_column][et_pb_column type=\u00bb1_2&#8243; _builder_version=\u00bb4.9.2&#8243; _module_preset=\u00bbdefault\u00bb][et_pb_image src=\u00bbhttps:\/\/owmwines.cl\/es\/wp-content\/uploads\/2021\/04\/video-Cosecha.jpg\u00bb title_text=\u00bbImagen video Cosecha\u00bb url=\u00bb#video\u00bb force_fullwidth=\u00bbon\u00bb _builder_version=\u00bb4.9.2&#8243; _module_preset=\u00bbdefault\u00bb][\/et_pb_image][\/et_pb_column][\/et_pb_row][\/et_pb_section][et_pb_section fb_built=\u00bb1&#8243; admin_label=\u00bbPopup &#8211; #vina\u00bb module_id=\u00bbvina\u00bb module_class=\u00bbpopup\u00bb _builder_version=\u00bb4.9.2&#8243; _module_preset=\u00bbdefault\u00bb background_color=\u00bbrgba(0,0,0,0.6)\u00bb width=\u00bb80%\u00bb module_alignment=\u00bbcenter\u00bb da_is_popup=\u00bbon\u00bb da_popup_slug=\u00bbvina\u00bb da_disable_devices=\u00bboff|off|off\u00bb da_exit_intent=\u00bboff\u00bb da_has_close=\u00bbon\u00bb da_alt_close=\u00bboff\u00bb da_dark_close=\u00bboff\u00bb da_not_modal=\u00bbon\u00bb da_is_singular=\u00bboff\u00bb da_with_loader=\u00bboff\u00bb da_has_shadow=\u00bbon\u00bb][et_pb_row _builder_version=\u00bb4.9.2&#8243; _module_preset=\u00bbdefault\u00bb][et_pb_column type=\u00bb4_4&#8243; _builder_version=\u00bb4.9.2&#8243; _module_preset=\u00bbdefault\u00bb hover_enabled=\u00bb0&#8243; sticky_enabled=\u00bb0&#8243;][et_pb_gallery gallery_ids=\u00bb5473,5460,5461,5463,5464,5468,5477,5475,5525,5484,5483,5516,5487,5488,5489,5493,5494,5495,5496,5497,5499,5504,5505,5506,5507,5509,5512,5510,5511,5514,5515&#8243; fullwidth=\u00bbon\u00bb _builder_version=\u00bb4.9.9&#8243; _module_preset=\u00bbdefault\u00bb pagination_font=\u00bb|600|||||||\u00bb width=\u00bb85%\u00bb module_alignment=\u00bbcenter\u00bb hover_enabled=\u00bb0&#8243; sticky_enabled=\u00bb0&#8243;][\/et_pb_gallery][\/et_pb_column][\/et_pb_row][\/et_pb_section][et_pb_section fb_built=\u00bb1&#8243; admin_label=\u00bbPopup &#8211; #vendimia\u00bb module_id=\u00bbvendimia\u00bb module_class=\u00bbpopup\u00bb _builder_version=\u00bb4.9.2&#8243; _module_preset=\u00bbdefault\u00bb background_color=\u00bbrgba(0,0,0,0.6)\u00bb width=\u00bb80%\u00bb module_alignment=\u00bbcenter\u00bb da_is_popup=\u00bbon\u00bb da_popup_slug=\u00bbvendimia\u00bb da_disable_devices=\u00bboff|off|off\u00bb da_exit_intent=\u00bboff\u00bb da_has_close=\u00bbon\u00bb da_alt_close=\u00bboff\u00bb da_dark_close=\u00bboff\u00bb da_not_modal=\u00bbon\u00bb da_is_singular=\u00bboff\u00bb da_with_loader=\u00bboff\u00bb da_has_shadow=\u00bbon\u00bb][et_pb_row _builder_version=\u00bb4.9.2&#8243; _module_preset=\u00bbdefault\u00bb][et_pb_column type=\u00bb4_4&#8243; _builder_version=\u00bb4.9.2&#8243; _module_preset=\u00bbdefault\u00bb][et_pb_gallery gallery_ids=\u00bb5530,5529,5531,5533,5535,5536,5532,5540,5542,5543,5544,5547,5549,5551,5548&#8243; fullwidth=\u00bbon\u00bb _builder_version=\u00bb4.9.9&#8243; _module_preset=\u00bbdefault\u00bb pagination_font=\u00bb|600|||||||\u00bb width=\u00bb85%\u00bb module_alignment=\u00bbcenter\u00bb][\/et_pb_gallery][\/et_pb_column][\/et_pb_row][\/et_pb_section][et_pb_section fb_built=\u00bb1&#8243; admin_label=\u00bbPopup &#8211; #video\u00bb module_id=\u00bbvideo\u00bb module_class=\u00bbpopup dark\u00bb _builder_version=\u00bb4.9.2&#8243; _module_preset=\u00bbdefault\u00bb background_color=\u00bbrgba(0,0,0,0.8)\u00bb width=\u00bb85%\u00bb da_is_popup=\u00bbon\u00bb da_popup_slug=\u00bbvideo\u00bb da_dark_close=\u00bbon\u00bb da_disable_devices=\u00bboff|off|off\u00bb da_exit_intent=\u00bboff\u00bb da_has_close=\u00bbon\u00bb da_alt_close=\u00bboff\u00bb da_not_modal=\u00bbon\u00bb da_is_singular=\u00bboff\u00bb da_with_loader=\u00bboff\u00bb da_has_shadow=\u00bbon\u00bb][et_pb_row _builder_version=\u00bb4.9.2&#8243; _module_preset=\u00bbdefault\u00bb module_alignment=\u00bbcenter\u00bb][et_pb_column type=\u00bb4_4&#8243; _builder_version=\u00bb4.9.2&#8243; _module_preset=\u00bbdefault\u00bb][et_pb_code _builder_version=\u00bb4.9.9&#8243; _module_preset=\u00bbdefault\u00bb module_alignment=\u00bbcenter\u00bb]<iframe loading=\"lazy\" width=\"600\" height=\"400\" src=\"https:\/\/www.youtube.com\/embed\/B2TpJPTcgzY?rel=0&#038;&#038;autoplay=1\" title=\"YouTube video player\" frameborder=\"0\" allow=\"accelerometer; autoplay; clipboard-write; encrypted-media; gyroscope; picture-in-picture\" allowfullscreen><\/iframe>[\/et_pb_code][\/et_pb_column][\/et_pb_row][\/et_pb_section]<\/p>\n","protected":false},"excerpt":{"rendered":"<p>EL VI\u00d1EDOEl Vi\u00f1edo \u00a0 El Valle de Colchagua es reconocido como una de las \u00e1reas de producci\u00f3n de vino premium m\u00e1s importantes del hemisferio sur. Se ubica en la VI Regi\u00f3n, a tan solo 150 km al sur de Santiago. El vi\u00f1edo de donde obtenemos nuestra uva est\u00e1 ubicado en Santa Cruz, un valle de [&hellip;]<\/p>\n","protected":false},"author":1,"featured_media":0,"parent":0,"menu_order":0,"comment_status":"closed","ping_status":"closed","template":"","meta":{"_et_pb_use_builder":"on","_et_pb_old_content":"","_et_gb_content_width":"","footnotes":""},"class_list":["post-4582","page","type-page","status-publish","hentry"],"_links":{"self":[{"href":"https:\/\/owmwines.cl\/es\/wp-json\/wp\/v2\/pages\/4582","targetHints":{"allow":["GET"]}}],"collection":[{"href":"https:\/\/owmwines.cl\/es\/wp-json\/wp\/v2\/pages"}],"about":[{"href":"https:\/\/owmwines.cl\/es\/wp-json\/wp\/v2\/types\/page"}],"author":[{"embeddable":true,"href":"https:\/\/owmwines.cl\/es\/wp-json\/wp\/v2\/users\/1"}],"replies":[{"embeddable":true,"href":"https:\/\/owmwines.cl\/es\/wp-json\/wp\/v2\/comments?post=4582"}],"version-history":[{"count":88,"href":"https:\/\/owmwines.cl\/es\/wp-json\/wp\/v2\/pages\/4582\/revisions"}],"predecessor-version":[{"id":7030,"href":"https:\/\/owmwines.cl\/es\/wp-json\/wp\/v2\/pages\/4582\/revisions\/7030"}],"wp:attachment":[{"href":"https:\/\/owmwines.cl\/es\/wp-json\/wp\/v2\/media?parent=4582"}],"curies":[{"name":"wp","href":"https:\/\/api.w.org\/{rel}","templated":true}]}}